{"id":827,"date":"2018-05-12T09:11:52","date_gmt":"2018-05-12T06:11:52","guid":{"rendered":"http:\/\/www.3forty.media\/cannix\/?page_id=827"},"modified":"2026-03-06T17:25:55","modified_gmt":"2026-03-06T15:25:55","slug":"yhteystiedot","status":"publish","type":"page","link":"http:\/\/kotkantaiteilijaseura.net\/sivut\/yhteystiedot\/","title":{"rendered":"Yhteystiedot"},"content":{"rendered":"\n<p class=\"has-black-color has-text-color has-medium-font-size\"><strong>Kaikissa asioissa, ole meihin yhteydess\u00e4 s\u00e4hk\u00f6postitse!<\/strong><\/p>\n\n\n\n<p class=\"has-black-color has-text-color has-medium-font-size\"><strong>Kotkan Taiteilijaseuran s\u00e4hk\u00f6posti:<\/strong><\/p>\n\n\n\n<p class=\"has-black-color has-text-color has-medium-font-size\">kotkantaiteilijaseura.ry@gmail.com<\/p>\n\n\n\n<p>.<\/p>\n\n\n\n<p>.<\/p>\n\n\n\n<p><\/p>\n\n\n\n<p><\/p>\n\n\n\n<p><strong>Kotkan Taiteilijaseura ja Galleria Uusikuva somessa:<\/strong><\/p>\n\n\n\n<p><a href=\"https:\/\/www.facebook.com\/Kotkan-Taiteilijaseura-1923528394613177\/\">Kotkan Taiteilijaseuran Facebook-sivu<\/a><\/p>\n\n\n\n<p><a href=\"https:\/\/www.instagram.com\/kotkantaiteilijaseura\/\">Kotkan Taiteilijaseuran Instagram<\/a><\/p>\n\n\n\n<p><a href=\"https:\/\/www.facebook.com\/Kotkan-Taiteilijaseura-1923528394613177\/\">Galleria Uusikuvan Facebook-sivu<\/a><\/p>\n\n\n\n<p><a href=\"https:\/\/www.instagram.com\/galleriauusikuva\/\">Galleria Uusikuvan Instagram<\/a><\/p>\n\n\n\n<p>.<\/p>\n\n\n\n<p>.<\/p>\n\n\n\n<p><strong>SEURAN POSTIOSOITE:<\/strong><\/p>\n\n\n\n<p>Kotkan Taiteilijaseura ry <\/p>\n\n\n\n<p>Galleria Uusikuva<br>Satamakatu 9<br>48100 Kotka<\/p>\n\n\n\n<p>.<\/p>\n\n\n\n<p>.<\/p>\n\n\n\n<p><\/p>\n\n\n\n<p><\/p>\n\n\n\n<h2 class=\"wp-block-heading\">KTS HALLITUS:<\/h2>\n\n\n\n<p><strong>Eka Teriina Vea Kosonen<\/strong> puheenjohtaja (2026-27)<\/p>\n\n\n\n<p><strong>Hanna-Elina H\u00e4m\u00e4l\u00e4inen<\/strong> j\u00e4sen<\/p>\n\n\n\n<p><strong>Juha Vasku<\/strong> j\u00e4sen<\/p>\n\n\n\n<p><strong>Inkeri K\u00e4rkk\u00e4inen<\/strong> j\u00e4sen<\/p>\n\n\n\n<p><strong><strong>Filipp Diatchenko Jasenovich<\/strong><\/strong>\u00a0j\u00e4sen (vpj)<\/p>\n\n\n\n<p>.<\/p>\n\n\n\n<p>.<\/p>\n\n\n\n<p><\/p>\n\n\n\n<div class=\"wp-block-contact-form-7-contact-form-selector\">\n<div class=\"wpcf7 no-js\" id=\"wpcf7-f828-o1\" lang=\"en-US\" dir=\"ltr\">\n<div class=\"screen-reader-response\"><p role=\"status\" aria-live=\"polite\" aria-atomic=\"true\"><\/p> <ul><\/ul><\/div>\n<form action=\"\/sivut\/wp-json\/wp\/v2\/pages\/827#wpcf7-f828-o1\" method=\"post\" class=\"wpcf7-form init\" aria-label=\"Contact form\" novalidate=\"novalidate\" data-status=\"init\">\n<div style=\"display: none;\">\n<input type=\"hidden\" name=\"_wpcf7\" value=\"828\" \/>\n<input type=\"hidden\" name=\"_wpcf7_version\" value=\"5.7.6\" \/>\n<input type=\"hidden\" name=\"_wpcf7_locale\" value=\"en_US\" \/>\n<input type=\"hidden\" name=\"_wpcf7_unit_tag\" value=\"wpcf7-f828-o1\" \/>\n<input type=\"hidden\" name=\"_wpcf7_container_post\" value=\"0\" \/>\n<input type=\"hidden\" name=\"_wpcf7_posted_data_hash\" value=\"\" \/>\n<\/div>\n<p>VOIT OTTAA MEIHIN YHTEYDEN MY\u00d6S T\u00c4ST\u00c4!\n<\/p>\n<p>Sinun nimi \/ Ditt namn \/ Your Name<br \/>\n<span class=\"wpcf7-form-control-wrap\" data-name=\"your-name\"><input size=\"30\" maxlength=\"60\" class=\"wpcf7-form-control wpcf7-text wpcf7-validates-as-required\" aria-required=\"true\" aria-invalid=\"false\" value=\"\" type=\"text\" name=\"your-name\" \/><\/span>\n<\/p>\n<p>Sinun s\u00e4hk\u00f6posti \/ Din e-post \/ Your Email<br \/>\n<span class=\"wpcf7-form-control-wrap\" data-name=\"your-email\"><input size=\"40\" class=\"wpcf7-form-control wpcf7-text wpcf7-email wpcf7-validates-as-required wpcf7-validates-as-email\" aria-required=\"true\" aria-invalid=\"false\" value=\"\" type=\"email\" name=\"your-email\" \/><\/span>\n<\/p>\n<p>Sinun viesti \/ Ditt meddelande \/ Your Message<br \/>\n<span class=\"wpcf7-form-control-wrap\" data-name=\"your-message\"><textarea cols=\"40\" rows=\"10\" class=\"wpcf7-form-control wpcf7-textarea\" aria-invalid=\"false\" name=\"your-message\">Kirjoita t\u00e4h\u00e4n asiasi, niin vastaamme mahdollisimman pian!<\/textarea><\/span>\n<\/p>\n<p><input class=\"wpcf7-form-control has-spinner wpcf7-submit\" type=\"submit\" value=\"L\u00c4HET\u00c4\" \/>\n<\/p><div class=\"wpcf7-response-output\" aria-hidden=\"true\"><\/div>\n<\/form>\n<\/div>\n<\/div>\n","protected":false},"excerpt":{"rendered":"<p>Kaikissa asioissa, ole meihin yhteydess\u00e4 s\u00e4hk\u00f6postitse! Kotkan Taiteilijaseuran s\u00e4hk\u00f6posti: kotkantaiteilijaseura.ry@gmail.com . . Kotkan Taiteilijaseura ja Galleria Uusikuva somessa: Kotkan Taiteilijaseuran Facebook-sivu Kotkan Taiteilijaseuran Instagram Galleria Uusikuvan Facebook-sivu Galleria Uusikuvan Instagram&#8230;<\/p>\n","protected":false},"author":2,"featured_media":0,"parent":0,"menu_order":5,"comment_status":"closed","ping_status":"closed","template":"","meta":{"footnotes":""},"_links":{"self":[{"href":"http:\/\/kotkantaiteilijaseura.net\/sivut\/wp-json\/wp\/v2\/pages\/827"}],"collection":[{"href":"http:\/\/kotkantaiteilijaseura.net\/sivut\/wp-json\/wp\/v2\/pages"}],"about":[{"href":"http:\/\/kotkantaiteilijaseura.net\/sivut\/wp-json\/wp\/v2\/types\/page"}],"author":[{"embeddable":true,"href":"http:\/\/kotkantaiteilijaseura.net\/sivut\/wp-json\/wp\/v2\/users\/2"}],"replies":[{"embeddable":true,"href":"http:\/\/kotkantaiteilijaseura.net\/sivut\/wp-json\/wp\/v2\/comments?post=827"}],"version-history":[{"count":35,"href":"http:\/\/kotkantaiteilijaseura.net\/sivut\/wp-json\/wp\/v2\/pages\/827\/revisions"}],"predecessor-version":[{"id":2816,"href":"http:\/\/kotkantaiteilijaseura.net\/sivut\/wp-json\/wp\/v2\/pages\/827\/revisions\/2816"}],"wp:attachment":[{"href":"http:\/\/kotkantaiteilijaseura.net\/sivut\/wp-json\/wp\/v2\/media?parent=827"}],"curies":[{"name":"wp","href":"https:\/\/api.w.org\/{rel}","templated":true}]}}